{"id":1110,"date":"2024-04-05T14:40:02","date_gmt":"2024-04-05T14:40:02","guid":{"rendered":"https:\/\/windooralverca.pt\/?page_id=1110"},"modified":"2024-04-22T08:51:24","modified_gmt":"2024-04-22T08:51:24","slug":"guardas","status":"publish","type":"page","link":"https:\/\/windooralverca.pt\/index.php\/guardas\/","title":{"rendered":"Guardas"},"content":{"rendered":"\t\t<div data-elementor-type=\"wp-page\" data-elementor-id=\"1110\" class=\"elementor elementor-1110\" data-elementor-post-type=\"page\">\n\t\t\t\t\t\t<section class=\"elementor-section elementor-top-section elementor-element elementor-element-6552edb0 elementor-section-boxed elementor-section-height-default elementor-section-height-default wpr-particle-no wpr-jarallax-no wpr-parallax-no wpr-sticky-section-no wpr-equal-height-no\" data-id=\"6552edb0\" data-element_type=\"section\" data-e-type=\"section\" id=\"xs_cta_style_15\" data-settings=\"{&quot;background_background&quot;:&quot;classic&quot;}\">\n\t\t\t\t\t\t\t<div class=\"elementor-background-overlay\"><\/div>\n\t\t\t\t\t\t\t<div class=\"elementor-container elementor-column-gap-default\">\n\t\t\t\t\t<div class=\"elementor-column elementor-col-100 elementor-top-column elementor-element elementor-element-43caaead\" data-id=\"43caaead\" data-element_type=\"column\" data-e-type=\"column\">\n\t\t\t<div class=\"elementor-widget-wrap elementor-element-populated\">\n\t\t\t\t\t\t<section class=\"elementor-section elementor-inner-section elementor-element elementor-element-62f69a20 elementor-section-full_width elementor-hidden-desktop elementor-hidden-tablet elementor-section-height-default elementor-section-height-default wpr-particle-no wpr-jarallax-no wpr-parallax-no wpr-sticky-section-no wpr-equal-height-no\" data-id=\"62f69a20\" data-element_type=\"section\" data-e-type=\"section\" data-settings=\"{&quot;background_background&quot;:&quot;classic&quot;}\">\n\t\t\t\t\t\t<div class=\"elementor-container elementor-column-gap-default\">\n\t\t\t\t\t<div class=\"elementor-column elementor-col-33 elementor-inner-column elementor-element elementor-element-d39d9f5\" data-id=\"d39d9f5\" data-element_type=\"column\" data-e-type=\"column\">\n\t\t\t<div class=\"elementor-widget-wrap elementor-element-populated\">\n\t\t\t\t\t\t<div class=\"elementor-element elementor-element-01eaccd elementor-hidden-desktop elementor-hidden-tablet elementor-widget elementor-widget-image\" data-id=\"01eaccd\" data-element_type=\"widget\" data-e-type=\"widget\" data-widget_type=\"image.default\">\n\t\t\t\t<div class=\"elementor-widget-container\">\n\t\t\t\t\t\t\t\t\t\t\t\t\t\t\t<img fetchpriority=\"high\" decoding=\"async\" width=\"800\" height=\"533\" src=\"https:\/\/windooralverca.pt\/wp-content\/uploads\/2024\/04\/guardas-e1712325216724-1024x682.png\" class=\"attachment-large size-large wp-image-1130\" alt=\"\" srcset=\"https:\/\/windooralverca.pt\/wp-content\/uploads\/2024\/04\/guardas-e1712325216724-1024x682.png 1024w, https:\/\/windooralverca.pt\/wp-content\/uploads\/2024\/04\/guardas-e1712325216724-300x200.png 300w, https:\/\/windooralverca.pt\/wp-content\/uploads\/2024\/04\/guardas-e1712325216724-768x511.png 768w, https:\/\/windooralverca.pt\/wp-content\/uploads\/2024\/04\/guardas-e1712325216724-1536x1023.png 1536w, https:\/\/windooralverca.pt\/wp-content\/uploads\/2024\/04\/guardas-e1712325216724.png 2024w\" sizes=\"(max-width: 800px) 100vw, 800px\" \/>\t\t\t\t\t\t\t\t\t\t\t\t\t\t\t<\/div>\n\t\t\t\t<\/div>\n\t\t\t\t\t<\/div>\n\t\t<\/div>\n\t\t\t\t<div class=\"elementor-column elementor-col-33 elementor-inner-column elementor-element elementor-element-65c671d5\" data-id=\"65c671d5\" data-element_type=\"column\" data-e-type=\"column\">\n\t\t\t<div class=\"elementor-widget-wrap elementor-element-populated\">\n\t\t\t\t\t\t<div class=\"elementor-element elementor-element-26839c3c elementor-widget elementor-widget-elementskit-heading\" data-id=\"26839c3c\" data-element_type=\"widget\" data-e-type=\"widget\" data-widget_type=\"elementskit-heading.default\">\n\t\t\t\t<div class=\"elementor-widget-container\">\n\t\t\t\t\t<div class=\"ekit-wid-con\" ><div class=\"ekit-heading elementskit-section-title-wraper text_left   ekit_heading_tablet-   ekit_heading_mobile-\"><h2 class=\"ekit-heading--title elementskit-section-title \">Prote\u00e7\u00e3o para varandas em vidro<\/h2>\t\t\t\t<div class='ekit-heading__description'>\n\t\t\t\t\t<p>Al\u00e9m disso, o vidro \u00e9 um material muito elegante e leve, o que deixa a varanda com um aspeto sofisticado e ao mesmo tempo cumpre a sua fun\u00e7\u00e3o de defesa.<\/p>\n<p>A prote\u00e7\u00e3o para varandas em vidro \u00e9 usada em edif\u00edcios de constru\u00e7\u00e3o contempor\u00e2nea. No entanto, pode ser tamb\u00e9m incorporada em recupera\u00e7\u00f5es de edif\u00edcios cl\u00e1ssicos, acrescentando-lhe caracter\u00edsticas de modernidade.<\/p>\n\t\t\t\t<\/div>\n\t\t\t<\/div><\/div>\t\t\t\t<\/div>\n\t\t\t\t<\/div>\n\t\t\t\t<div class=\"elementor-element elementor-element-b0e9eb0 elementor-absolute elementor-widget elementor-widget-heading\" data-id=\"b0e9eb0\" data-element_type=\"widget\" data-e-type=\"widget\" data-settings=\"{&quot;_position&quot;:&quot;absolute&quot;}\" data-widget_type=\"heading.default\">\n\t\t\t\t<div class=\"elementor-widget-container\">\n\t\t\t\t\t<h2 class=\"elementor-heading-title elementor-size-default\">GUARDAS<\/h2>\t\t\t\t<\/div>\n\t\t\t\t<\/div>\n\t\t\t\t<div class=\"elementor-element elementor-element-c1f5f84 wpr-button-icon-style-inline wpr-button-icon-position-right elementor-widget elementor-widget-wpr-button\" data-id=\"c1f5f84\" data-element_type=\"widget\" data-e-type=\"widget\" data-widget_type=\"wpr-button.default\">\n\t\t\t\t<div class=\"elementor-widget-container\">\n\t\t\t\t\t\t\n\t\t\t\n\t\t\n\t\t<div class=\"wpr-button-wrap elementor-clearfix\">\n\t\t<a class=\"wpr-button wpr-button-effect wpr-button-none\" data-text=\"\" href=\"https:\/\/windooralverca.pt\/index.php\/contactos\/\">\n\t\t\t\n\t\t\t<span class=\"wpr-button-content\">\n\t\t\t\t\t\t\t\t\t<span class=\"wpr-button-text\">OR\u00c7AMENTO<\/span>\n\t\t\t\t\t\t\t\t\n\t\t\t\t\t\t\t<\/span>\n\t\t<\/a>\n\n\t\t\t\t<\/div>\n\t\n\t\n\t\t\t\t\t<\/div>\n\t\t\t\t<\/div>\n\t\t\t\t\t<\/div>\n\t\t<\/div>\n\t\t\t\t<div class=\"elementor-column elementor-col-33 elementor-inner-column elementor-element elementor-element-30ae2c5e elementor-hidden-mobile\" data-id=\"30ae2c5e\" data-element_type=\"column\" data-e-type=\"column\">\n\t\t\t<div class=\"elementor-widget-wrap elementor-element-populated\">\n\t\t\t\t\t\t<div class=\"elementor-element elementor-element-1ae46e6 elementor-widget elementor-widget-image\" data-id=\"1ae46e6\" data-element_type=\"widget\" data-e-type=\"widget\" data-widget_type=\"image.default\">\n\t\t\t\t<div class=\"elementor-widget-container\">\n\t\t\t\t\t\t\t\t\t\t\t\t\t\t\t<img fetchpriority=\"high\" decoding=\"async\" width=\"800\" height=\"533\" src=\"https:\/\/windooralverca.pt\/wp-content\/uploads\/2024\/04\/guardas-e1712325216724-1024x682.png\" class=\"attachment-large size-large wp-image-1130\" alt=\"\" srcset=\"https:\/\/windooralverca.pt\/wp-content\/uploads\/2024\/04\/guardas-e1712325216724-1024x682.png 1024w, https:\/\/windooralverca.pt\/wp-content\/uploads\/2024\/04\/guardas-e1712325216724-300x200.png 300w, https:\/\/windooralverca.pt\/wp-content\/uploads\/2024\/04\/guardas-e1712325216724-768x511.png 768w, https:\/\/windooralverca.pt\/wp-content\/uploads\/2024\/04\/guardas-e1712325216724-1536x1023.png 1536w, https:\/\/windooralverca.pt\/wp-content\/uploads\/2024\/04\/guardas-e1712325216724.png 2024w\" sizes=\"(max-width: 800px) 100vw, 800px\" \/>\t\t\t\t\t\t\t\t\t\t\t\t\t\t\t<\/div>\n\t\t\t\t<\/div>\n\t\t\t\t\t<\/div>\n\t\t<\/div>\n\t\t\t\t\t<\/div>\n\t\t<\/section>\n\t\t\t\t<section class=\"elementor-section elementor-inner-section elementor-element elementor-element-a6f4c7f elementor-section-full_width elementor-hidden-mobile elementor-section-height-default elementor-section-height-default wpr-particle-no wpr-jarallax-no wpr-parallax-no wpr-sticky-section-no wpr-equal-height-no\" data-id=\"a6f4c7f\" data-element_type=\"section\" data-e-type=\"section\" data-settings=\"{&quot;background_background&quot;:&quot;classic&quot;}\">\n\t\t\t\t\t\t<div class=\"elementor-container elementor-column-gap-default\">\n\t\t\t\t\t<div class=\"elementor-column elementor-col-50 elementor-inner-column elementor-element elementor-element-5a3cbbd\" data-id=\"5a3cbbd\" data-element_type=\"column\" data-e-type=\"column\">\n\t\t\t<div class=\"elementor-widget-wrap elementor-element-populated\">\n\t\t\t\t\t\t<div class=\"elementor-element elementor-element-f778d42 elementor-widget elementor-widget-elementskit-heading\" data-id=\"f778d42\" data-element_type=\"widget\" data-e-type=\"widget\" data-widget_type=\"elementskit-heading.default\">\n\t\t\t\t<div class=\"elementor-widget-container\">\n\t\t\t\t\t<div class=\"ekit-wid-con\" ><div class=\"ekit-heading elementskit-section-title-wraper text_left   ekit_heading_tablet-   ekit_heading_mobile-\"><h2 class=\"ekit-heading--title elementskit-section-title \">Prote\u00e7\u00e3o para varandas em vidro<\/h2>\t\t\t\t<div class='ekit-heading__description'>\n\t\t\t\t\t<p>Al\u00e9m disso, o vidro \u00e9 um material muito elegante e leve, o que deixa a varanda com um aspeto sofisticado e ao mesmo tempo cumpre a sua fun\u00e7\u00e3o de defesa.<\/p>\n<p>A prote\u00e7\u00e3o para varandas em vidro \u00e9 usada em edif\u00edcios de constru\u00e7\u00e3o contempor\u00e2nea. No entanto, pode ser tamb\u00e9m incorporada em recupera\u00e7\u00f5es de edif\u00edcios cl\u00e1ssicos, acrescentando-lhe caracter\u00edsticas de modernidade.<\/p>\n\t\t\t\t<\/div>\n\t\t\t<\/div><\/div>\t\t\t\t<\/div>\n\t\t\t\t<\/div>\n\t\t\t\t<div class=\"elementor-element elementor-element-bb06ec2 elementor-absolute elementor-widget elementor-widget-heading\" data-id=\"bb06ec2\" data-element_type=\"widget\" data-e-type=\"widget\" data-settings=\"{&quot;_position&quot;:&quot;absolute&quot;}\" data-widget_type=\"heading.default\">\n\t\t\t\t<div class=\"elementor-widget-container\">\n\t\t\t\t\t<h2 class=\"elementor-heading-title elementor-size-default\">GUARDAS<\/h2>\t\t\t\t<\/div>\n\t\t\t\t<\/div>\n\t\t\t\t<div class=\"elementor-element elementor-element-b2c897f wpr-button-icon-style-inline wpr-button-icon-position-right elementor-widget elementor-widget-wpr-button\" data-id=\"b2c897f\" data-element_type=\"widget\" data-e-type=\"widget\" data-widget_type=\"wpr-button.default\">\n\t\t\t\t<div class=\"elementor-widget-container\">\n\t\t\t\t\t\t\n\t\t\t\n\t\t\n\t\t<div class=\"wpr-button-wrap elementor-clearfix\">\n\t\t<a class=\"wpr-button wpr-button-effect wpr-button-none\" data-text=\"\" href=\"https:\/\/windooralverca.pt\/index.php\/contactos\/\">\n\t\t\t\n\t\t\t<span class=\"wpr-button-content\">\n\t\t\t\t\t\t\t\t\t<span class=\"wpr-button-text\">OR\u00c7AMENTO<\/span>\n\t\t\t\t\t\t\t\t\n\t\t\t\t\t\t\t<\/span>\n\t\t<\/a>\n\n\t\t\t\t<\/div>\n\t\n\t\n\t\t\t\t\t<\/div>\n\t\t\t\t<\/div>\n\t\t\t\t\t<\/div>\n\t\t<\/div>\n\t\t\t\t<div class=\"elementor-column elementor-col-50 elementor-inner-column elementor-element elementor-element-e039f7d elementor-hidden-mobile\" data-id=\"e039f7d\" data-element_type=\"column\" data-e-type=\"column\">\n\t\t\t<div class=\"elementor-widget-wrap elementor-element-populated\">\n\t\t\t\t\t\t<div class=\"elementor-element elementor-element-ccb4ed3 elementor-widget elementor-widget-image\" data-id=\"ccb4ed3\" data-element_type=\"widget\" data-e-type=\"widget\" data-widget_type=\"image.default\">\n\t\t\t\t<div class=\"elementor-widget-container\">\n\t\t\t\t\t\t\t\t\t\t\t\t\t\t\t<img fetchpriority=\"high\" decoding=\"async\" width=\"800\" height=\"533\" src=\"https:\/\/windooralverca.pt\/wp-content\/uploads\/2024\/04\/guardas-e1712325216724-1024x682.png\" class=\"attachment-large size-large wp-image-1130\" alt=\"\" srcset=\"https:\/\/windooralverca.pt\/wp-content\/uploads\/2024\/04\/guardas-e1712325216724-1024x682.png 1024w, https:\/\/windooralverca.pt\/wp-content\/uploads\/2024\/04\/guardas-e1712325216724-300x200.png 300w, https:\/\/windooralverca.pt\/wp-content\/uploads\/2024\/04\/guardas-e1712325216724-768x511.png 768w, https:\/\/windooralverca.pt\/wp-content\/uploads\/2024\/04\/guardas-e1712325216724-1536x1023.png 1536w, https:\/\/windooralverca.pt\/wp-content\/uploads\/2024\/04\/guardas-e1712325216724.png 2024w\" sizes=\"(max-width: 800px) 100vw, 800px\" \/>\t\t\t\t\t\t\t\t\t\t\t\t\t\t\t<\/div>\n\t\t\t\t<\/div>\n\t\t\t\t\t<\/div>\n\t\t<\/div>\n\t\t\t\t\t<\/div>\n\t\t<\/section>\n\t\t\t\t\t<\/div>\n\t\t<\/div>\n\t\t\t\t\t<\/div>\n\t\t<\/section>\n\t\t\t\t<section class=\"elementor-section elementor-top-section elementor-element elementor-element-75da19e5 elementor-section-content-middle elementor-section-boxed elementor-section-height-default elementor-section-height-default wpr-particle-no wpr-jarallax-no wpr-parallax-no wpr-sticky-section-no wpr-equal-height-no\" data-id=\"75da19e5\" data-element_type=\"section\" data-e-type=\"section\" data-settings=\"{&quot;background_background&quot;:&quot;classic&quot;}\">\n\t\t\t\t\t\t\t<div class=\"elementor-background-overlay\"><\/div>\n\t\t\t\t\t\t\t<div class=\"elementor-container elementor-column-gap-default\">\n\t\t\t\t\t<div class=\"elementor-column elementor-col-100 elementor-top-column elementor-element elementor-element-4a6be502\" data-id=\"4a6be502\" data-element_type=\"column\" data-e-type=\"column\">\n\t\t\t<div class=\"elementor-widget-wrap elementor-element-populated\">\n\t\t\t\t\t\t<div class=\"elementor-element elementor-element-234e06aa elementor-widget elementor-widget-elementskit-heading\" data-id=\"234e06aa\" data-element_type=\"widget\" data-e-type=\"widget\" data-widget_type=\"elementskit-heading.default\">\n\t\t\t\t<div class=\"elementor-widget-container\">\n\t\t\t\t\t<div class=\"ekit-wid-con\" ><div class=\"ekit-heading elementskit-section-title-wraper text_center   ekit_heading_tablet-   ekit_heading_mobile-\"><h2 class=\"ekit-heading--title elementskit-section-title \">Prote\u00e7\u00e3o com Leveza e Eleg\u00e2ncia<\/h2>\t\t\t\t<div class='ekit-heading__description'>\n\t\t\t\t\t<p class=\"elementor-icon-box-description\">Os espa\u00e7os exteriores quando adornados com guarda corpos em vidro tornam-se discretos e leves. O vidro n\u00e3o altera a fachada do pr\u00e9dio nem a visibilidade da paisagem. Se precisa de guardas de prote\u00e7\u00e3o com eleg\u00e2ncia e qualidade, a WinDoor tem a solu\u00e7\u00e3o ideal, contacte-nos.<\/p>\n\t\t\t\t<\/div>\n\t\t\t<\/div><\/div>\t\t\t\t<\/div>\n\t\t\t\t<\/div>\n\t\t\t\t<div class=\"elementor-element elementor-element-2a779ef elementor-absolute wpr-button-icon-style-inline wpr-button-icon-position-right elementor-widget elementor-widget-wpr-button\" data-id=\"2a779ef\" data-element_type=\"widget\" data-e-type=\"widget\" data-settings=\"{&quot;_position&quot;:&quot;absolute&quot;}\" data-widget_type=\"wpr-button.default\">\n\t\t\t\t<div class=\"elementor-widget-container\">\n\t\t\t\t\t\t\n\t\t\t\n\t\t\n\t\t<div class=\"wpr-button-wrap elementor-clearfix\">\n\t\t<a class=\"wpr-button wpr-button-effect elementor-animation-shrink\" data-text=\"\" href=\"https:\/\/windooralverca.pt\/wp-content\/uploads\/2024\/04\/catalago-Guardas-WinDoor-2023.pdf\" target=\"_blank\">\n\t\t\t\n\t\t\t<span class=\"wpr-button-content\">\n\t\t\t\t\t\t\t\t\t<span class=\"wpr-button-text\">Ver Cat\u00e1logo<\/span>\n\t\t\t\t\t\t\t\t\n\t\t\t\t\t\t\t<\/span>\n\t\t<\/a>\n\n\t\t\t\t<\/div>\n\t\n\t\n\t\t\t\t\t<\/div>\n\t\t\t\t<\/div>\n\t\t\t\t<div class=\"elementor-element elementor-element-b50751e elementor-view-stacked elementor-fixed elementor-shape-circle elementor-widget elementor-widget-icon\" data-id=\"b50751e\" data-element_type=\"widget\" data-e-type=\"widget\" data-settings=\"{&quot;_position&quot;:&quot;fixed&quot;}\" data-widget_type=\"icon.default\">\n\t\t\t\t<div class=\"elementor-widget-container\">\n\t\t\t\t\t\t\t<div class=\"elementor-icon-wrapper\">\n\t\t\t<a class=\"elementor-icon elementor-animation-shrink\" href=\"https:\/\/api.whatsapp.com\/send\/?phone=351965776287&#038;text&#038;type=phone_number&#038;app_absent=0\">\n\t\t\t<i aria-hidden=\"true\" class=\"icon icon-whatsapp-1\"><\/i>\t\t\t<\/a>\n\t\t<\/div>\n\t\t\t\t\t\t<\/div>\n\t\t\t\t<\/div>\n\t\t\t\t<div class=\"elementor-element elementor-element-b0d912c elementor-view-stacked elementor-fixed elementor-shape-circle elementor-widget elementor-widget-icon\" data-id=\"b0d912c\" data-element_type=\"widget\" data-e-type=\"widget\" data-settings=\"{&quot;_position&quot;:&quot;fixed&quot;}\" data-widget_type=\"icon.default\">\n\t\t\t\t<div class=\"elementor-widget-container\">\n\t\t\t\t\t\t\t<div class=\"elementor-icon-wrapper\">\n\t\t\t<a class=\"elementor-icon elementor-animation-shrink\" href=\"https:\/\/windooralverca.pt\/index.php\/contactos\/\">\n\t\t\t<svg aria-hidden=\"true\" class=\"e-font-icon-svg e-far-envelope\" viewBox=\"0 0 512 512\" xmlns=\"http:\/\/www.w3.org\/2000\/svg\"><path d=\"M464 64H48C21.49 64 0 85.49 0 112v288c0 26.51 21.49 48 48 48h416c26.51 0 48-21.49 48-48V112c0-26.51-21.49-48-48-48zm0 48v40.805c-22.422 18.259-58.168 46.651-134.587 106.49-16.841 13.247-50.201 45.072-73.413 44.701-23.208.375-56.579-31.459-73.413-44.701C106.18 199.465 70.425 171.067 48 152.805V112h416zM48 400V214.398c22.914 18.251 55.409 43.862 104.938 82.646 21.857 17.205 60.134 55.186 103.062 54.955 42.717.231 80.509-37.199 103.053-54.947 49.528-38.783 82.032-64.401 104.947-82.653V400H48z\"><\/path><\/svg>\t\t\t<\/a>\n\t\t<\/div>\n\t\t\t\t\t\t<\/div>\n\t\t\t\t<\/div>\n\t\t\t\t\t<\/div>\n\t\t<\/div>\n\t\t\t\t\t<\/div>\n\t\t<\/section>\n\t\t\t\t<\/div>\n\t\t","protected":false},"excerpt":{"rendered":"<p>Prote\u00e7\u00e3o para varandas em vidro Al\u00e9m disso, o vidro \u00e9 um material muito elegante e leve, o que deixa a varanda com um aspeto sofisticado e ao mesmo tempo cumpre a sua fun\u00e7\u00e3o de defesa. A prote\u00e7\u00e3o para varandas em vidro \u00e9 usada em edif\u00edcios de constru\u00e7\u00e3o contempor\u00e2nea. No entanto, pode ser tamb\u00e9m incorporada em recupera\u00e7\u00f5es de edif\u00edcios cl\u00e1ssicos, acrescentando-lhe caracter\u00edsticas de modernidade. GUARDAS OR\u00c7AMENTO Prote\u00e7\u00e3o para varandas em vidro Al\u00e9m disso, o vidro \u00e9 um material muito elegante e leve, o que deixa a varanda com um aspeto sofisticado e ao mesmo tempo cumpre a sua fun\u00e7\u00e3o de defesa. A prote\u00e7\u00e3o para varandas em vidro \u00e9 usada em edif\u00edcios de constru\u00e7\u00e3o contempor\u00e2nea. No entanto, pode ser tamb\u00e9m incorporada em recupera\u00e7\u00f5es de edif\u00edcios cl\u00e1ssicos, acrescentando-lhe caracter\u00edsticas de modernidade. GUARDAS OR\u00c7AMENTO Prote\u00e7\u00e3o com Leveza e Eleg\u00e2ncia Os espa\u00e7os exteriores quando adornados com guarda corpos em vidro tornam-se discretos e leves. O vidro n\u00e3o altera a fachada do pr\u00e9dio nem a visibilidade da paisagem. Se precisa de guardas de prote\u00e7\u00e3o com eleg\u00e2ncia e qualidade, a WinDoor tem a solu\u00e7\u00e3o ideal, contacte-nos. Ver Cat\u00e1logo<\/p>\n","protected":false},"author":1,"featured_media":0,"parent":0,"menu_order":0,"comment_status":"closed","ping_status":"closed","template":"","meta":{"footnotes":""},"class_list":["post-1110","page","type-page","status-publish","hentry"],"_links":{"self":[{"href":"https:\/\/windooralverca.pt\/index.php\/wp-json\/wp\/v2\/pages\/1110","targetHints":{"allow":["GET"]}}],"collection":[{"href":"https:\/\/windooralverca.pt\/index.php\/wp-json\/wp\/v2\/pages"}],"about":[{"href":"https:\/\/windooralverca.pt\/index.php\/wp-json\/wp\/v2\/types\/page"}],"author":[{"embeddable":true,"href":"https:\/\/windooralverca.pt\/index.php\/wp-json\/wp\/v2\/users\/1"}],"replies":[{"embeddable":true,"href":"https:\/\/windooralverca.pt\/index.php\/wp-json\/wp\/v2\/comments?post=1110"}],"version-history":[{"count":53,"href":"https:\/\/windooralverca.pt\/index.php\/wp-json\/wp\/v2\/pages\/1110\/revisions"}],"predecessor-version":[{"id":1644,"href":"https:\/\/windooralverca.pt\/index.php\/wp-json\/wp\/v2\/pages\/1110\/revisions\/1644"}],"wp:attachment":[{"href":"https:\/\/windooralverca.pt\/index.php\/wp-json\/wp\/v2\/media?parent=1110"}],"curies":[{"name":"wp","href":"https:\/\/api.w.org\/{rel}","templated":true}]}}